{"id":1771,"date":"2026-08-16T16:53:14","date_gmt":"2026-08-16T22:53:14","guid":{"rendered":"https:\/\/ceac.ed.cr\/Inicio\/niveles\/"},"modified":"2026-08-17T17:08:15","modified_gmt":"2026-08-17T23:08:15","slug":"niveles","status":"publish","type":"page","link":"https:\/\/ceac.ed.cr\/Inicio\/niveles\/","title":{"rendered":"Niveles"},"content":{"rendered":"\t\t<div data-elementor-type=\"wp-page\" data-elementor-id=\"1771\" class=\"elementor elementor-1771\" data-elementor-post-type=\"page\">\n\t\t\t\t\t\t<section class=\"elementor-section elementor-top-section elementor-element elementor-element-5fb9cfb2 elementor-section-boxed elementor-section-height-default elementor-section-height-default\" data-id=\"5fb9cfb2\" data-element_type=\"section\" data-e-type=\"section\">\n\t\t\t\t\t\t<div class=\"elementor-container elementor-column-gap-default\">\n\t\t\t\t\t<div class=\"elementor-column elementor-col-100 elementor-top-column elementor-element elementor-element-1d544ee\" data-id=\"1d544ee\" data-element_type=\"column\" data-e-type=\"column\">\n\t\t\t<div class=\"elementor-widget-wrap elementor-element-populated\">\n\t\t\t\t\t\t<div class=\"elementor-element elementor-element-7d440418 elementor-widget elementor-widget-text-editor\" data-id=\"7d440418\" data-element_type=\"widget\" data-e-type=\"widget\" data-widget_type=\"text-editor.default\">\n\t\t\t\t<div class=\"elementor-widget-container\">\n\t\t\t\t\t\t\t\t\t<h1>Nuestra oferta\u00a0 educativa<\/h1><p>Preescolar, Primaria y Secundaria.<\/p>\t\t\t\t\t\t\t\t<\/div>\n\t\t\t\t<\/div>\n\t\t\t\t\t<\/div>\n\t\t<\/div>\n\t\t\t\t\t<\/div>\n\t\t<\/section>\n\t\t\t\t<section class=\"elementor-section elementor-top-section elementor-element elementor-element-9dd1d10 elementor-section-boxed elementor-section-height-default elementor-section-height-default\" data-id=\"9dd1d10\" data-element_type=\"section\" data-e-type=\"section\">\n\t\t\t\t\t\t<div class=\"elementor-container elementor-column-gap-default\">\n\t\t\t\t\t<div class=\"elementor-column elementor-col-100 elementor-top-column elementor-element elementor-element-a815cfd\" data-id=\"a815cfd\" data-element_type=\"column\" data-e-type=\"column\">\n\t\t\t<div class=\"elementor-widget-wrap elementor-element-populated\">\n\t\t\t\t\t\t<div class=\"elementor-element elementor-element-088de2d elementor-widget elementor-widget-text-editor\" data-id=\"088de2d\" data-element_type=\"widget\" data-e-type=\"widget\" data-widget_type=\"text-editor.default\">\n\t\t\t\t<div class=\"elementor-widget-container\">\n\t\t\t\t\t\t\t\t\t<p>En el Centro Educativo Adventista de Cartago ofrecemos una formaci\u00f3n integral que une la excelencia acad\u00e9mica, los valores cristianos y el desarrollo personal, preparando a cada estudiante para destacar en la vida y servir a la comunidad.<\/p><p data-path-to-node=\"4\">La Educaci\u00f3n Adventista concibe el aprendizaje m\u00e1s all\u00e1 de la adquisici\u00f3n de conocimientos acad\u00e9micos; se enfoca en el desarrollo arm\u00f3nico e integral de todas las facultades del ser humano:<\/p><ul data-path-to-node=\"5\"><li><p data-path-to-node=\"5,0,0\"><b data-path-to-node=\"5,0,0\" data-index-in-node=\"0\">\u00c1rea Mental:<\/b> Desarrollamos el pensamiento cr\u00edtico, la curiosidad intelectual y el rigor acad\u00e9mico mediante planes de estudio actualizados, uso de tecnolog\u00eda y un enfoque en la resoluci\u00f3n de problemas reales.<\/p><\/li><li><p data-path-to-node=\"5,1,0\"><b data-path-to-node=\"5,1,0\" data-index-in-node=\"0\">\u00c1rea F\u00edsica:<\/b> Promovemos estilos de vida saludables mediante la educaci\u00f3n f\u00edsica, la pr\u00e1ctica del deporte, h\u00e1bitos de nutrici\u00f3n consciente y el cuidado del cuerpo como principio de bienestar.<\/p><\/li><li><p data-path-to-node=\"5,2,0\"><b data-path-to-node=\"5,2,0\" data-index-in-node=\"0\">\u00c1rea Espiritual:<\/b> Cultivamos una relaci\u00f3n personal con Dios fundada en principios y valores b\u00edblico-cristianos, fomentando el respeto, la fe, la integridad y el amor al pr\u00f3jimo.<\/p><\/li><li><p data-path-to-node=\"5,3,0\"><b data-path-to-node=\"5,3,0\" data-index-in-node=\"0\">\u00c1rea Social:<\/b> Impulsamos el liderazgo \u00e9tico, la empat\u00eda y la responsabilidad ciudadana a trav\u00e9s del trabajo colaborativo, la convivencia arm\u00f3nica y proyectos de servicio a la comunidad.<\/p><\/li><\/ul>\t\t\t\t\t\t\t\t<\/div>\n\t\t\t\t<\/div>\n\t\t\t\t\t<\/div>\n\t\t<\/div>\n\t\t\t\t\t<\/div>\n\t\t<\/section>\n\t\t\t\t<section class=\"elementor-section elementor-top-section elementor-element elementor-element-c0223e1 elementor-section-boxed elementor-section-height-default elementor-section-height-default\" data-id=\"c0223e1\" data-element_type=\"section\" data-e-type=\"section\">\n\t\t\t\t\t\t<div class=\"elementor-container elementor-column-gap-default\">\n\t\t\t\t\t<div class=\"elementor-column elementor-col-100 elementor-top-column elementor-element elementor-element-6eb00e1\" data-id=\"6eb00e1\" data-element_type=\"column\" data-e-type=\"column\">\n\t\t\t<div class=\"elementor-widget-wrap elementor-element-populated\">\n\t\t\t\t\t\t<div class=\"elementor-element elementor-element-bf4944e elementor-widget elementor-widget-image\" data-id=\"bf4944e\" data-element_type=\"widget\" data-e-type=\"widget\" data-widget_type=\"image.default\">\n\t\t\t\t<div class=\"elementor-widget-container\">\n\t\t\t\t\t\t\t\t\t\t\t\t\t\t\t<img fetchpriority=\"high\" decoding=\"async\" width=\"1024\" height=\"576\" src=\"https:\/\/ceac.ed.cr\/wp-content\/uploads\/2025\/11\/3-1024x576.jpg\" class=\"attachment-large size-large wp-image-1692\" alt=\"\" srcset=\"https:\/\/ceac.ed.cr\/wp-content\/uploads\/2025\/11\/3-1024x576.jpg 1024w, https:\/\/ceac.ed.cr\/wp-content\/uploads\/2025\/11\/3-300x169.jpg 300w, https:\/\/ceac.ed.cr\/wp-content\/uploads\/2025\/11\/3-768x432.jpg 768w, https:\/\/ceac.ed.cr\/wp-content\/uploads\/2025\/11\/3-1536x864.jpg 1536w, https:\/\/ceac.ed.cr\/wp-content\/uploads\/2025\/11\/3-2048x1152.jpg 2048w\" sizes=\"(max-width: 1024px) 100vw, 1024px\" \/>\t\t\t\t\t\t\t\t\t\t\t\t\t\t\t<\/div>\n\t\t\t\t<\/div>\n\t\t\t\t\t<\/div>\n\t\t<\/div>\n\t\t\t\t\t<\/div>\n\t\t<\/section>\n\t\t\t\t<section class=\"elementor-section elementor-top-section elementor-element elementor-element-bf4307e elementor-section-boxed elementor-section-height-default elementor-section-height-default\" data-id=\"bf4307e\" data-element_type=\"section\" data-e-type=\"section\">\n\t\t\t\t\t\t<div class=\"elementor-container elementor-column-gap-default\">\n\t\t\t\t\t<div class=\"elementor-column elementor-col-100 elementor-top-column elementor-element elementor-element-65a7b48\" data-id=\"65a7b48\" data-element_type=\"column\" data-e-type=\"column\">\n\t\t\t<div class=\"elementor-widget-wrap elementor-element-populated\">\n\t\t\t\t\t\t<div class=\"elementor-element elementor-element-8d57524 elementor-widget elementor-widget-text-editor\" data-id=\"8d57524\" data-element_type=\"widget\" data-e-type=\"widget\" data-widget_type=\"text-editor.default\">\n\t\t\t\t<div class=\"elementor-widget-container\">\n\t\t\t\t\t\t\t\t\t<p data-path-to-node=\"4\"><b data-path-to-node=\"4\" data-index-in-node=\"0\">\u00a0Secci\u00f3n Preescolar (Educaci\u00f3n Inicial \/ Maternal y Transici\u00f3n)<\/b><\/p><ul data-path-to-node=\"5\"><li><p data-path-to-node=\"5,0,0\"><b data-path-to-node=\"5,0,0\" data-index-in-node=\"0\">Objetivo del Nivel:<\/b> Favorecer el desarrollo integral mediante el aprendizaje cooperativo, el juego y la estimulaci\u00f3n temprana.<\/p><\/li><li><p data-path-to-node=\"5,1,0\"><b data-path-to-node=\"5,1,0\" data-index-in-node=\"0\">Puntos Clave a Destacar:<\/b><\/p><ul data-path-to-node=\"5,1,1\"><li><p data-path-to-node=\"5,1,1,0,0\">Entorno seguro, c\u00e1lido y adaptado a la infancia.<\/p><\/li><li><p data-path-to-node=\"5,1,1,1,0\">Desarrollo de habilidades socioemocionales, motrices y del lenguaje.<\/p><\/li><li><p data-path-to-node=\"5,1,1,2,0\">Introducci\u00f3n a principios y valores cristianos de forma l\u00fadica.<\/p><\/li><li><p data-path-to-node=\"5,1,1,3,0\">Primeros pasos en la ense\u00f1anza del idioma ingl\u00e9s.<\/p><\/li><\/ul><\/li><\/ul>\t\t\t\t\t\t\t\t<\/div>\n\t\t\t\t<\/div>\n\t\t\t\t\t<\/div>\n\t\t<\/div>\n\t\t\t\t\t<\/div>\n\t\t<\/section>\n\t\t\t\t<section class=\"elementor-section elementor-top-section elementor-element elementor-element-8803df1 elementor-section-boxed elementor-section-height-default elementor-section-height-default\" data-id=\"8803df1\" data-element_type=\"section\" data-e-type=\"section\">\n\t\t\t\t\t\t<div class=\"elementor-container elementor-column-gap-default\">\n\t\t\t\t\t<div class=\"elementor-column elementor-col-100 elementor-top-column elementor-element elementor-element-445f466\" data-id=\"445f466\" data-element_type=\"column\" data-e-type=\"column\">\n\t\t\t<div class=\"elementor-widget-wrap elementor-element-populated\">\n\t\t\t\t\t\t<div class=\"elementor-element elementor-element-1ed1ec8 elementor-widget elementor-widget-image\" data-id=\"1ed1ec8\" data-element_type=\"widget\" data-e-type=\"widget\" data-widget_type=\"image.default\">\n\t\t\t\t<div class=\"elementor-widget-container\">\n\t\t\t\t\t\t\t\t\t\t\t\t\t\t\t<img decoding=\"async\" width=\"1024\" height=\"576\" src=\"https:\/\/ceac.ed.cr\/wp-content\/uploads\/2022\/10\/WhatsApp-Image-2022-09-29-at-21.57.04-1024x576.jpeg\" class=\"attachment-large size-large wp-image-933\" alt=\"\" srcset=\"https:\/\/ceac.ed.cr\/wp-content\/uploads\/2022\/10\/WhatsApp-Image-2022-09-29-at-21.57.04-1024x576.jpeg 1024w, https:\/\/ceac.ed.cr\/wp-content\/uploads\/2022\/10\/WhatsApp-Image-2022-09-29-at-21.57.04-300x169.jpeg 300w, https:\/\/ceac.ed.cr\/wp-content\/uploads\/2022\/10\/WhatsApp-Image-2022-09-29-at-21.57.04-768x432.jpeg 768w, https:\/\/ceac.ed.cr\/wp-content\/uploads\/2022\/10\/WhatsApp-Image-2022-09-29-at-21.57.04.jpeg 1280w\" sizes=\"(max-width: 1024px) 100vw, 1024px\" \/>\t\t\t\t\t\t\t\t\t\t\t\t\t\t\t<\/div>\n\t\t\t\t<\/div>\n\t\t\t\t\t<\/div>\n\t\t<\/div>\n\t\t\t\t\t<\/div>\n\t\t<\/section>\n\t\t\t\t<section class=\"elementor-section elementor-top-section elementor-element elementor-element-8db58c0 elementor-section-boxed elementor-section-height-default elementor-section-height-default\" data-id=\"8db58c0\" data-element_type=\"section\" data-e-type=\"section\">\n\t\t\t\t\t\t<div class=\"elementor-container elementor-column-gap-default\">\n\t\t\t\t\t<div class=\"elementor-column elementor-col-100 elementor-top-column elementor-element elementor-element-00b9585\" data-id=\"00b9585\" data-element_type=\"column\" data-e-type=\"column\">\n\t\t\t<div class=\"elementor-widget-wrap elementor-element-populated\">\n\t\t\t\t\t\t<div class=\"elementor-element elementor-element-475e46a elementor-widget elementor-widget-text-editor\" data-id=\"475e46a\" data-element_type=\"widget\" data-e-type=\"widget\" data-widget_type=\"text-editor.default\">\n\t\t\t\t<div class=\"elementor-widget-container\">\n\t\t\t\t\t\t\t\t\t<p data-path-to-node=\"6\"><b data-path-to-node=\"6\" data-index-in-node=\"0\"> Secci\u00f3n Primaria (1\u00b0 a 6\u00b0 A\u00f1o)<\/b><\/p><ul data-path-to-node=\"7\"><li><p data-path-to-node=\"7,0,0\"><b data-path-to-node=\"7,0,0\" data-index-in-node=\"0\">Objetivo del Nivel:<\/b> Construir bases s\u00f3lidas en \u00e1reas acad\u00e9micas clave mientras se fortalece el car\u00e1cter y la convivencia.<\/p><\/li><li><p data-path-to-node=\"7,1,0\"><b data-path-to-node=\"7,1,0\" data-index-in-node=\"0\">Puntos Clave a Destacar:<\/b><\/p><ul data-path-to-node=\"7,1,1\"><li><p data-path-to-node=\"7,1,1,0,0\">Enfoque en lectoescritura, pensamiento l\u00f3gico-matem\u00e1tico y ciencias.<\/p><\/li><li><p data-path-to-node=\"7,1,1,1,0\">Programa de Ingl\u00e9s orientado al desarrollo de competencias comunicativas.<\/p><\/li><li><p data-path-to-node=\"7,1,1,2,0\">Integraci\u00f3n de tecnolog\u00eda en el aula como herramienta de aprendizaje.<\/p><\/li><li><p data-path-to-node=\"7,1,1,3,0\">Proyectos de servicio a la comunidad y actividades espirituales (semanas de oraci\u00f3n)<\/p><\/li><\/ul><\/li><\/ul>\t\t\t\t\t\t\t\t<\/div>\n\t\t\t\t<\/div>\n\t\t\t\t\t<\/div>\n\t\t<\/div>\n\t\t\t\t\t<\/div>\n\t\t<\/section>\n\t\t\t\t<section class=\"elementor-section elementor-top-section elementor-element elementor-element-dc4db2a elementor-section-boxed elementor-section-height-default elementor-section-height-default\" data-id=\"dc4db2a\" data-element_type=\"section\" data-e-type=\"section\">\n\t\t\t\t\t\t<div class=\"elementor-container elementor-column-gap-default\">\n\t\t\t\t\t<div class=\"elementor-column elementor-col-100 elementor-top-column elementor-element elementor-element-4a6cbdd\" data-id=\"4a6cbdd\" data-element_type=\"column\" data-e-type=\"column\">\n\t\t\t<div class=\"elementor-widget-wrap elementor-element-populated\">\n\t\t\t\t\t\t<div class=\"elementor-element elementor-element-67d53cc elementor-widget elementor-widget-image\" data-id=\"67d53cc\" data-element_type=\"widget\" data-e-type=\"widget\" data-widget_type=\"image.default\">\n\t\t\t\t<div class=\"elementor-widget-container\">\n\t\t\t\t\t\t\t\t\t\t\t\t\t\t\t<img decoding=\"async\" width=\"1024\" height=\"683\" src=\"https:\/\/ceac.ed.cr\/wp-content\/uploads\/2026\/08\/WhatsApp-Image-2026-08-04-at-4.14.21-PM-1024x683.jpeg\" class=\"attachment-large size-large wp-image-1746\" alt=\"\" srcset=\"https:\/\/ceac.ed.cr\/wp-content\/uploads\/2026\/08\/WhatsApp-Image-2026-08-04-at-4.14.21-PM-1024x683.jpeg 1024w, https:\/\/ceac.ed.cr\/wp-content\/uploads\/2026\/08\/WhatsApp-Image-2026-08-04-at-4.14.21-PM-300x200.jpeg 300w, https:\/\/ceac.ed.cr\/wp-content\/uploads\/2026\/08\/WhatsApp-Image-2026-08-04-at-4.14.21-PM-768x512.jpeg 768w, https:\/\/ceac.ed.cr\/wp-content\/uploads\/2026\/08\/WhatsApp-Image-2026-08-04-at-4.14.21-PM.jpeg 1536w\" sizes=\"(max-width: 1024px) 100vw, 1024px\" \/>\t\t\t\t\t\t\t\t\t\t\t\t\t\t\t<\/div>\n\t\t\t\t<\/div>\n\t\t\t\t\t<\/div>\n\t\t<\/div>\n\t\t\t\t\t<\/div>\n\t\t<\/section>\n\t\t\t\t<section class=\"elementor-section elementor-top-section elementor-element elementor-element-35e8671 elementor-section-boxed elementor-section-height-default elementor-section-height-default\" data-id=\"35e8671\" data-element_type=\"section\" data-e-type=\"section\">\n\t\t\t\t\t\t<div class=\"elementor-container elementor-column-gap-default\">\n\t\t\t\t\t<div class=\"elementor-column elementor-col-100 elementor-top-column elementor-element elementor-element-c79b88f\" data-id=\"c79b88f\" data-element_type=\"column\" data-e-type=\"column\">\n\t\t\t<div class=\"elementor-widget-wrap elementor-element-populated\">\n\t\t\t\t\t\t<div class=\"elementor-element elementor-element-371913d elementor-widget elementor-widget-text-editor\" data-id=\"371913d\" data-element_type=\"widget\" data-e-type=\"widget\" data-widget_type=\"text-editor.default\">\n\t\t\t\t<div class=\"elementor-widget-container\">\n\t\t\t\t\t\t\t\t\t<p data-path-to-node=\"10\"><b data-path-to-node=\"10\" data-index-in-node=\"0\">Por qu\u00e9 Elegirnos (Diferenciadores Transversales)<\/b><\/p><ul data-path-to-node=\"11\"><li><p data-path-to-node=\"11,0,0\"><b data-path-to-node=\"11,0,0\" data-index-in-node=\"0\">Valores y Fe:<\/b> Educaci\u00f3n basada en principios b\u00edblico-cristianos que gu\u00edan la toma de decisiones.<\/p><\/li><li><p data-path-to-node=\"11,1,0\"><b data-path-to-node=\"11,1,0\" data-index-in-node=\"0\">Docentes Calificados:<\/b> Cuerpo docente comprometido con el acompa\u00f1amiento pedag\u00f3gico y espiritual del estudiante.<\/p><\/li><li><p data-path-to-node=\"11,2,0\"><b data-path-to-node=\"11,2,0\" data-index-in-node=\"0\">Infraestructura:<\/b> Aulas equipadas, laboratorios, espacios deportivos y zonas recreativas seguras.<\/p><\/li><\/ul>\t\t\t\t\t\t\t\t<\/div>\n\t\t\t\t<\/div>\n\t\t\t\t\t<\/div>\n\t\t<\/div>\n\t\t\t\t\t<\/div>\n\t\t<\/section>\n\t\t\t\t<section class=\"elementor-section elementor-top-section elementor-element elementor-element-4343572 elementor-section-boxed elementor-section-height-default elementor-section-height-default\" data-id=\"4343572\" data-element_type=\"section\" data-e-type=\"section\">\n\t\t\t\t\t\t<div class=\"elementor-container elementor-column-gap-default\">\n\t\t\t\t\t<div class=\"elementor-column elementor-col-100 elementor-top-column elementor-element elementor-element-cf2aab5\" data-id=\"cf2aab5\" data-element_type=\"column\" data-e-type=\"column\">\n\t\t\t<div class=\"elementor-widget-wrap elementor-element-populated\">\n\t\t\t\t\t\t<div class=\"elementor-element elementor-element-e2d793a elementor-widget elementor-widget-video\" data-id=\"e2d793a\" data-element_type=\"widget\" data-e-type=\"widget\" data-settings=\"{&quot;youtube_url&quot;:&quot;https:\\\/\\\/youtu.be\\\/n7QTjc-2I0k&quot;,&quot;video_type&quot;:&quot;youtube&quot;,&quot;controls&quot;:&quot;yes&quot;}\" data-widget_type=\"video.default\">\n\t\t\t\t<div class=\"elementor-widget-container\">\n\t\t\t\t\t\t\t<div class=\"elementor-wrapper elementor-open-inline\">\n\t\t\t<div class=\"elementor-video\"><\/div>\t\t<\/div>\n\t\t\t\t\t\t<\/div>\n\t\t\t\t<\/div>\n\t\t\t\t\t<\/div>\n\t\t<\/div>\n\t\t\t\t\t<\/div>\n\t\t<\/section>\n\t\t\t\t<\/div>\n\t\t","protected":false},"excerpt":{"rendered":"<p>Nuestra oferta\u00a0 educativa Preescolar, Primaria y Secundaria. En el Centro Educativo Adventista de Cartago ofrecemos una formaci\u00f3n integral que une la excelencia acad\u00e9mica, los valores cristianos y el desarrollo personal, preparando a cada estudiante para destacar en la vida y servir a la comunidad. La Educaci\u00f3n Adventista concibe el aprendizaje m\u00e1s all\u00e1 de la adquisici\u00f3n [&hellip;]<\/p>\n","protected":false},"author":1,"featured_media":0,"parent":0,"menu_order":0,"comment_status":"closed","ping_status":"closed","template":"","meta":{"_angie_page":false,"site-sidebar-layout":"default","site-content-layout":"","ast-site-content-layout":"default","site-content-style":"default","site-sidebar-style":"default","ast-global-header-display":"","ast-banner-title-visibility":"","ast-main-header-display":"","ast-hfb-above-header-display":"","ast-hfb-below-header-display":"","ast-hfb-mobile-header-display":"","site-post-title":"","ast-breadcrumbs-content":"","ast-featured-img":"","footer-sml-layout":"","ast-disable-related-posts":"","theme-transparent-header-meta":"","adv-header-id-meta":"","stick-header-meta":"","header-above-stick-meta":"","header-main-stick-meta":"","header-below-stick-meta":"","astra-migrate-meta-layouts":"default","ast-page-background-enabled":"default","ast-page-background-meta":{"desktop":{"background-color":"var(--ast-global-color-4)","background-image":"","background-repeat":"repeat","background-position":"center center","background-size":"auto","background-attachment":"scroll","background-type":"","background-media":"","overlay-type":"","overlay-color":"","overlay-opacity":"","overlay-gradient":""},"tablet":{"background-color":"","background-image":"","background-repeat":"repeat","background-position":"center center","background-size":"auto","background-attachment":"scroll","background-type":"","background-media":"","overlay-type":"","overlay-color":"","overlay-opacity":"","overlay-gradient":""},"mobile":{"background-color":"","background-image":"","background-repeat":"repeat","background-position":"center center","background-size":"auto","background-attachment":"scroll","background-type":"","background-media":"","overlay-type":"","overlay-color":"","overlay-opacity":"","overlay-gradient":""}},"ast-content-background-meta":{"desktop":{"background-color":"var(--ast-global-color-5)","background-image":"","background-repeat":"repeat","background-position":"center center","background-size":"auto","background-attachment":"scroll","background-type":"","background-media":"","overlay-type":"","overlay-color":"","overlay-opacity":"","overlay-gradient":""},"tablet":{"background-color":"var(--ast-global-color-5)","background-image":"","background-repeat":"repeat","background-position":"center center","background-size":"auto","background-attachment":"scroll","background-type":"","background-media":"","overlay-type":"","overlay-color":"","overlay-opacity":"","overlay-gradient":""},"mobile":{"background-color":"var(--ast-global-color-5)","background-image":"","background-repeat":"repeat","background-position":"center center","background-size":"auto","background-attachment":"scroll","background-type":"","background-media":"","overlay-type":"","overlay-color":"","overlay-opacity":"","overlay-gradient":""}},"footnotes":""},"class_list":["post-1771","page","type-page","status-publish","hentry"],"aioseo_notices":[],"aioseo_head":"\n\t\t<!-- All in One SEO 5.0.1.1 - aioseo.com -->\n\t<meta name=\"description\" content=\"Nuestra oferta educativaPreescolar, Primaria y Secundaria. En el Centro Educativo Adventista de Cartago ofrecemos una formaci\u00f3n integral que une la excelencia acad\u00e9mica, los valores cristianos y el desarrollo personal, preparando a cada estudiante para destacar en la vida y servir a la comunidad.La Educaci\u00f3n Adventista concibe el aprendizaje m\u00e1s all\u00e1 de la adquisici\u00f3n de conocimientos\" \/>\n\t<meta name=\"robots\" content=\"max-image-preview:large\" \/>\n\t<link rel=\"canonical\" href=\"https:\/\/ceac.ed.cr\/Inicio\/niveles\/\" \/>\n\t<meta name=\"generator\" content=\"All in One SEO (AIOSEO) 5.0.1.1\" \/>\n\t\t<meta property=\"og:locale\" content=\"es_ES\" \/>\n\t\t<meta property=\"og:site_name\" content=\"-\" \/>\n\t\t<meta property=\"og:type\" content=\"article\" \/>\n\t\t<meta property=\"og:title\" content=\"Niveles -\" \/>\n\t\t<meta property=\"og:description\" content=\"Nuestra oferta educativaPreescolar, Primaria y Secundaria. En el Centro Educativo Adventista de Cartago ofrecemos una formaci\u00f3n integral que une la excelencia acad\u00e9mica, los valores cristianos y el desarrollo personal, preparando a cada estudiante para destacar en la vida y servir a la comunidad.La Educaci\u00f3n Adventista concibe el aprendizaje m\u00e1s all\u00e1 de la adquisici\u00f3n de conocimientos\" \/>\n\t\t<meta property=\"og:url\" content=\"https:\/\/ceac.ed.cr\/Inicio\/niveles\/\" \/>\n\t\t<meta property=\"og:image\" content=\"https:\/\/ceac.ed.cr\/wp-content\/uploads\/2025\/07\/cropped-Escuela-Adventista-de-Cartago-scaled-1.png\" \/>\n\t\t<meta property=\"og:image:secure_url\" content=\"https:\/\/ceac.ed.cr\/wp-content\/uploads\/2025\/07\/cropped-Escuela-Adventista-de-Cartago-scaled-1.png\" \/>\n\t\t<meta property=\"article:published_time\" content=\"2026-08-16T22:53:14+00:00\" \/>\n\t\t<meta property=\"article:modified_time\" content=\"2026-08-17T23:08:15+00:00\" \/>\n\t\t<meta property=\"article:publisher\" content=\"https:\/\/www.facebook.com\/ceacartagocr\" \/>\n\t\t<meta property=\"article:author\" content=\"https:\/\/www.facebook.com\/ceacartagocr\" \/>\n\t\t<meta name=\"twitter:card\" content=\"summary_large_image\" \/>\n\t\t<meta name=\"twitter:title\" content=\"Niveles -\" \/>\n\t\t<meta name=\"twitter:description\" content=\"Nuestra oferta educativaPreescolar, Primaria y Secundaria. En el Centro Educativo Adventista de Cartago ofrecemos una formaci\u00f3n integral que une la excelencia acad\u00e9mica, los valores cristianos y el desarrollo personal, preparando a cada estudiante para destacar en la vida y servir a la comunidad.La Educaci\u00f3n Adventista concibe el aprendizaje m\u00e1s all\u00e1 de la adquisici\u00f3n de conocimientos\" \/>\n\t\t<meta name=\"twitter:image\" content=\"https:\/\/ceac.ed.cr\/wp-content\/uploads\/2025\/07\/cropped-Escuela-Adventista-de-Cartago-scaled-1.png\" \/>\n\t\t<script type=\"application\/ld+json\" class=\"aioseo-schema\">\n\t\t\t{\"@context\":\"https:\\\/\\\/schema.org\",\"@graph\":[{\"@type\":\"BreadcrumbList\",\"@id\":\"https:\\\/\\\/ceac.ed.cr\\\/Inicio\\\/niveles\\\/#breadcrumblist\",\"itemListElement\":[{\"@type\":\"ListItem\",\"@id\":\"https:\\\/\\\/ceac.ed.cr\\\/Inicio#listItem\",\"position\":1,\"name\":\"Home\",\"item\":\"https:\\\/\\\/ceac.ed.cr\\\/Inicio\",\"nextItem\":{\"@type\":\"ListItem\",\"@id\":\"https:\\\/\\\/ceac.ed.cr\\\/Inicio\\\/niveles\\\/#listItem\",\"name\":\"Niveles\"}},{\"@type\":\"ListItem\",\"@id\":\"https:\\\/\\\/ceac.ed.cr\\\/Inicio\\\/niveles\\\/#listItem\",\"position\":2,\"name\":\"Niveles\",\"previousItem\":{\"@type\":\"ListItem\",\"@id\":\"https:\\\/\\\/ceac.ed.cr\\\/Inicio#listItem\",\"name\":\"Home\"}}]},{\"@type\":\"Organization\",\"@id\":\"https:\\\/\\\/ceac.ed.cr\\\/Inicio\\\/#organization\",\"name\":\"Website migrated by Hostinger\",\"url\":\"https:\\\/\\\/ceac.ed.cr\\\/Inicio\\\/\",\"logo\":{\"@type\":\"ImageObject\",\"url\":\"https:\\\/\\\/ceac.ed.cr\\\/wp-content\\\/uploads\\\/2025\\\/07\\\/cropped-Escuela-Adventista-de-Cartago-scaled-1.png\",\"@id\":\"https:\\\/\\\/ceac.ed.cr\\\/Inicio\\\/niveles\\\/#organizationLogo\",\"width\":2559,\"height\":853},\"image\":{\"@id\":\"https:\\\/\\\/ceac.ed.cr\\\/Inicio\\\/niveles\\\/#organizationLogo\"},\"sameAs\":[\"https:\\\/\\\/www.facebook.com\\\/ceacartagocr\",\"https:\\\/\\\/www.instagram.com\\\/adventistacartago\\\/\",\"https:\\\/\\\/www.youtube.com\\\/channel\\\/UCN_V_r2k7nnR7XSVisZCHGA\",\"https:\\\/\\\/www.waze.com\\\/en\\\/live-map\\\/directions\\\/centro-educativo-adventista-de-cartago-av.-11?to=place.w.180944995.1809318875.5567158\"]},{\"@type\":\"WebPage\",\"@id\":\"https:\\\/\\\/ceac.ed.cr\\\/Inicio\\\/niveles\\\/#webpage\",\"url\":\"https:\\\/\\\/ceac.ed.cr\\\/Inicio\\\/niveles\\\/\",\"name\":\"Niveles -\",\"description\":\"Nuestra oferta educativaPreescolar, Primaria y Secundaria. En el Centro Educativo Adventista de Cartago ofrecemos una formaci\\u00f3n integral que une la excelencia acad\\u00e9mica, los valores cristianos y el desarrollo personal, preparando a cada estudiante para destacar en la vida y servir a la comunidad.La Educaci\\u00f3n Adventista concibe el aprendizaje m\\u00e1s all\\u00e1 de la adquisici\\u00f3n de conocimientos\",\"inLanguage\":\"es-CR\",\"isPartOf\":{\"@id\":\"https:\\\/\\\/ceac.ed.cr\\\/Inicio\\\/#website\"},\"breadcrumb\":{\"@id\":\"https:\\\/\\\/ceac.ed.cr\\\/Inicio\\\/niveles\\\/#breadcrumblist\"},\"datePublished\":\"2026-08-16T16:53:14-06:00\",\"dateModified\":\"2026-08-17T17:08:15-06:00\"},{\"@type\":\"WebSite\",\"@id\":\"https:\\\/\\\/ceac.ed.cr\\\/Inicio\\\/#website\",\"url\":\"https:\\\/\\\/ceac.ed.cr\\\/Inicio\\\/\",\"name\":\"Centro Educativo Adventista de Cartago\",\"inLanguage\":\"es-CR\",\"publisher\":{\"@id\":\"https:\\\/\\\/ceac.ed.cr\\\/Inicio\\\/#organization\"}}]}\n\t\t<\/script>\n\t\t<!-- All in One SEO -->\n\n","aioseo_head_json":{"title":"Niveles -","description":"Nuestra oferta educativaPreescolar, Primaria y Secundaria. En el Centro Educativo Adventista de Cartago ofrecemos una formaci\u00f3n integral que une la excelencia acad\u00e9mica, los valores cristianos y el desarrollo personal, preparando a cada estudiante para destacar en la vida y servir a la comunidad.La Educaci\u00f3n Adventista concibe el aprendizaje m\u00e1s all\u00e1 de la adquisici\u00f3n de conocimientos","canonical_url":"https:\/\/ceac.ed.cr\/Inicio\/niveles\/","robots":"max-image-preview:large","keywords":"","webmasterTools":{"miscellaneous":""},"schema":{"@context":"https:\/\/schema.org","@graph":[{"@type":"BreadcrumbList","@id":"https:\/\/ceac.ed.cr\/Inicio\/niveles\/#breadcrumblist","itemListElement":[{"@type":"ListItem","@id":"https:\/\/ceac.ed.cr\/Inicio#listItem","position":1,"name":"Home","item":"https:\/\/ceac.ed.cr\/Inicio","nextItem":{"@type":"ListItem","@id":"https:\/\/ceac.ed.cr\/Inicio\/niveles\/#listItem","name":"Niveles"}},{"@type":"ListItem","@id":"https:\/\/ceac.ed.cr\/Inicio\/niveles\/#listItem","position":2,"name":"Niveles","previousItem":{"@type":"ListItem","@id":"https:\/\/ceac.ed.cr\/Inicio#listItem","name":"Home"}}]},{"@type":"Organization","@id":"https:\/\/ceac.ed.cr\/Inicio\/#organization","name":"Website migrated by Hostinger","url":"https:\/\/ceac.ed.cr\/Inicio\/","logo":{"@type":"ImageObject","url":"https:\/\/ceac.ed.cr\/wp-content\/uploads\/2025\/07\/cropped-Escuela-Adventista-de-Cartago-scaled-1.png","@id":"https:\/\/ceac.ed.cr\/Inicio\/niveles\/#organizationLogo","width":2559,"height":853},"image":{"@id":"https:\/\/ceac.ed.cr\/Inicio\/niveles\/#organizationLogo"},"sameAs":["https:\/\/www.facebook.com\/ceacartagocr","https:\/\/www.instagram.com\/adventistacartago\/","https:\/\/www.youtube.com\/channel\/UCN_V_r2k7nnR7XSVisZCHGA","https:\/\/www.waze.com\/en\/live-map\/directions\/centro-educativo-adventista-de-cartago-av.-11?to=place.w.180944995.1809318875.5567158"]},{"@type":"WebPage","@id":"https:\/\/ceac.ed.cr\/Inicio\/niveles\/#webpage","url":"https:\/\/ceac.ed.cr\/Inicio\/niveles\/","name":"Niveles -","description":"Nuestra oferta educativaPreescolar, Primaria y Secundaria. En el Centro Educativo Adventista de Cartago ofrecemos una formaci\u00f3n integral que une la excelencia acad\u00e9mica, los valores cristianos y el desarrollo personal, preparando a cada estudiante para destacar en la vida y servir a la comunidad.La Educaci\u00f3n Adventista concibe el aprendizaje m\u00e1s all\u00e1 de la adquisici\u00f3n de conocimientos","inLanguage":"es-CR","isPartOf":{"@id":"https:\/\/ceac.ed.cr\/Inicio\/#website"},"breadcrumb":{"@id":"https:\/\/ceac.ed.cr\/Inicio\/niveles\/#breadcrumblist"},"datePublished":"2026-08-16T16:53:14-06:00","dateModified":"2026-08-17T17:08:15-06:00"},{"@type":"WebSite","@id":"https:\/\/ceac.ed.cr\/Inicio\/#website","url":"https:\/\/ceac.ed.cr\/Inicio\/","name":"Centro Educativo Adventista de Cartago","inLanguage":"es-CR","publisher":{"@id":"https:\/\/ceac.ed.cr\/Inicio\/#organization"}}]},"og:locale":"es_ES","og:site_name":"-","og:type":"article","og:title":"Niveles -","og:description":"Nuestra oferta educativaPreescolar, Primaria y Secundaria. En el Centro Educativo Adventista de Cartago ofrecemos una formaci\u00f3n integral que une la excelencia acad\u00e9mica, los valores cristianos y el desarrollo personal, preparando a cada estudiante para destacar en la vida y servir a la comunidad.La Educaci\u00f3n Adventista concibe el aprendizaje m\u00e1s all\u00e1 de la adquisici\u00f3n de conocimientos","og:url":"https:\/\/ceac.ed.cr\/Inicio\/niveles\/","og:image":"https:\/\/ceac.ed.cr\/wp-content\/uploads\/2025\/07\/cropped-Escuela-Adventista-de-Cartago-scaled-1.png","og:image:secure_url":"https:\/\/ceac.ed.cr\/wp-content\/uploads\/2025\/07\/cropped-Escuela-Adventista-de-Cartago-scaled-1.png","article:published_time":"2026-08-16T22:53:14+00:00","article:modified_time":"2026-08-17T23:08:15+00:00","article:publisher":"https:\/\/www.facebook.com\/ceacartagocr","article:author":"https:\/\/www.facebook.com\/ceacartagocr","twitter:card":"summary_large_image","twitter:title":"Niveles -","twitter:description":"Nuestra oferta educativaPreescolar, Primaria y Secundaria. En el Centro Educativo Adventista de Cartago ofrecemos una formaci\u00f3n integral que une la excelencia acad\u00e9mica, los valores cristianos y el desarrollo personal, preparando a cada estudiante para destacar en la vida y servir a la comunidad.La Educaci\u00f3n Adventista concibe el aprendizaje m\u00e1s all\u00e1 de la adquisici\u00f3n de conocimientos","twitter:image":"https:\/\/ceac.ed.cr\/wp-content\/uploads\/2025\/07\/cropped-Escuela-Adventista-de-Cartago-scaled-1.png"},"aioseo_meta_data":{"post_id":"1771","title":null,"description":null,"keywords":null,"keyphrases":{"focus":[],"additional":[]},"primary_term":null,"canonical_url":null,"og_title":null,"og_description":null,"og_object_type":"default","og_image_type":"default","og_image_url":null,"og_image_width":null,"og_image_height":null,"og_image_custom_url":null,"og_image_custom_fields":null,"og_video":null,"og_custom_url":null,"og_article_section":null,"og_article_tags":null,"twitter_use_og":false,"twitter_card":"default","twitter_image_type":"default","twitter_image_url":null,"twitter_image_custom_url":null,"twitter_image_custom_fields":null,"twitter_title":null,"twitter_description":null,"schema":{"blockGraphs":[],"customGraphs":[],"default":{"data":{"Article":[],"Course":[],"Dataset":[],"FAQPage":[],"Movie":[],"Person":[],"Product":[],"ProductReview":[],"Car":[],"Recipe":[],"Service":[],"SoftwareApplication":[],"WebPage":[]},"graphName":"","isEnabled":true},"graphs":[]},"schema_type":"default","schema_type_options":null,"pillar_content":false,"robots_default":true,"robots_noindex":false,"robots_noarchive":false,"robots_nosnippet":false,"robots_nofollow":false,"robots_noimageindex":false,"robots_noodp":false,"robots_notranslate":false,"robots_max_snippet":null,"robots_max_videopreview":null,"robots_max_imagepreview":"large","priority":null,"frequency":null,"local_seo":null,"breadcrumb_settings":null,"limit_modified_date":false,"ai":null,"created":"2026-08-17 15:46:48","updated":"2026-08-17 23:18:48","seo_analyzer_scan_date":null,"focus_keyword":null,"additional_keywords":null,"truseo_locale":null},"aioseo_breadcrumb":"<div class=\"aioseo-breadcrumbs\"><span class=\"aioseo-breadcrumb\">\n\t\t\t<a href=\"https:\/\/ceac.ed.cr\/Inicio\" title=\"Home\">Home<\/a>\n\t\t<\/span><span class=\"aioseo-breadcrumb-separator\">&raquo;<\/span><span class=\"aioseo-breadcrumb\">\n\t\t\tNiveles\n\t\t<\/span><\/div>","aioseo_breadcrumb_json":[{"label":"Home","link":"https:\/\/ceac.ed.cr\/Inicio"},{"label":"Niveles","link":"https:\/\/ceac.ed.cr\/Inicio\/niveles\/"}],"_links":{"self":[{"href":"https:\/\/ceac.ed.cr\/Inicio\/wp-json\/wp\/v2\/pages\/1771","targetHints":{"allow":["GET"]}}],"collection":[{"href":"https:\/\/ceac.ed.cr\/Inicio\/wp-json\/wp\/v2\/pages"}],"about":[{"href":"https:\/\/ceac.ed.cr\/Inicio\/wp-json\/wp\/v2\/types\/page"}],"author":[{"embeddable":true,"href":"https:\/\/ceac.ed.cr\/Inicio\/wp-json\/wp\/v2\/users\/1"}],"replies":[{"embeddable":true,"href":"https:\/\/ceac.ed.cr\/Inicio\/wp-json\/wp\/v2\/comments?post=1771"}],"version-history":[{"count":3,"href":"https:\/\/ceac.ed.cr\/Inicio\/wp-json\/wp\/v2\/pages\/1771\/revisions"}],"predecessor-version":[{"id":1861,"href":"https:\/\/ceac.ed.cr\/Inicio\/wp-json\/wp\/v2\/pages\/1771\/revisions\/1861"}],"wp:attachment":[{"href":"https:\/\/ceac.ed.cr\/Inicio\/wp-json\/wp\/v2\/media?parent=1771"}],"curies":[{"name":"wp","href":"https:\/\/api.w.org\/{rel}","templated":true}]}}