{"id":1769,"date":"2026-08-16T16:53:14","date_gmt":"2026-08-16T22:53:14","guid":{"rendered":"https:\/\/ceac.ed.cr\/Inicio\/nosotros\/"},"modified":"2026-08-17T11:42:12","modified_gmt":"2026-08-17T17:42:12","slug":"nosotros","status":"publish","type":"page","link":"https:\/\/ceac.ed.cr\/Inicio\/nosotros\/","title":{"rendered":"Nosotros"},"content":{"rendered":"\t\t<div data-elementor-type=\"wp-page\" data-elementor-id=\"1769\" class=\"elementor elementor-1769\" data-elementor-post-type=\"page\">\n\t\t\t\t\t\t<section class=\"elementor-section elementor-top-section elementor-element elementor-element-f33ad03 elementor-section-boxed elementor-section-height-default elementor-section-height-default\" data-id=\"f33ad03\" data-element_type=\"section\" data-e-type=\"section\">\n\t\t\t\t\t\t<div class=\"elementor-container elementor-column-gap-default\">\n\t\t\t\t\t<div class=\"elementor-column elementor-col-100 elementor-top-column elementor-element elementor-element-eb0a564\" data-id=\"eb0a564\" data-element_type=\"column\" data-e-type=\"column\">\n\t\t\t<div class=\"elementor-widget-wrap elementor-element-populated\">\n\t\t\t\t\t\t\t<\/div>\n\t\t<\/div>\n\t\t\t\t\t<\/div>\n\t\t<\/section>\n\t\t\t\t<section class=\"elementor-section elementor-top-section elementor-element elementor-element-0d77e53 elementor-section-boxed elementor-section-height-default elementor-section-height-default\" data-id=\"0d77e53\" data-element_type=\"section\" data-e-type=\"section\">\n\t\t\t\t\t\t<div class=\"elementor-container elementor-column-gap-default\">\n\t\t\t\t\t<div class=\"elementor-column elementor-col-100 elementor-top-column elementor-element elementor-element-1d49e56\" data-id=\"1d49e56\" data-element_type=\"column\" data-e-type=\"column\">\n\t\t\t<div class=\"elementor-widget-wrap elementor-element-populated\">\n\t\t\t\t\t\t<div class=\"elementor-element elementor-element-b4a648f elementor-widget elementor-widget-heading\" data-id=\"b4a648f\" data-element_type=\"widget\" data-e-type=\"widget\" data-widget_type=\"heading.default\">\n\t\t\t\t<div class=\"elementor-widget-container\">\n\t\t\t\t\t<h2 class=\"elementor-heading-title elementor-size-default\">Nuestra Historia<\/h2>\t\t\t\t<\/div>\n\t\t\t\t<\/div>\n\t\t\t\t\t<\/div>\n\t\t<\/div>\n\t\t\t\t\t<\/div>\n\t\t<\/section>\n\t\t\t\t<section class=\"elementor-section elementor-top-section elementor-element elementor-element-dccc3c5 elementor-section-boxed elementor-section-height-default elementor-section-height-default\" data-id=\"dccc3c5\" data-element_type=\"section\" data-e-type=\"section\">\n\t\t\t\t\t\t<div class=\"elementor-container elementor-column-gap-default\">\n\t\t\t\t\t<div class=\"elementor-column elementor-col-100 elementor-top-column elementor-element elementor-element-0a2a9c9\" data-id=\"0a2a9c9\" data-element_type=\"column\" data-e-type=\"column\">\n\t\t\t<div class=\"elementor-widget-wrap\">\n\t\t\t\t\t\t\t<\/div>\n\t\t<\/div>\n\t\t\t\t\t<\/div>\n\t\t<\/section>\n\t\t\t\t<section class=\"elementor-section elementor-top-section elementor-element elementor-element-b619ec8 elementor-section-boxed elementor-section-height-default elementor-section-height-default\" data-id=\"b619ec8\" data-element_type=\"section\" data-e-type=\"section\">\n\t\t\t\t\t\t<div class=\"elementor-container elementor-column-gap-default\">\n\t\t\t\t\t<div class=\"elementor-column elementor-col-100 elementor-top-column elementor-element elementor-element-ae97088\" data-id=\"ae97088\" data-element_type=\"column\" data-e-type=\"column\">\n\t\t\t<div class=\"elementor-widget-wrap elementor-element-populated\">\n\t\t\t\t\t\t<div class=\"elementor-element elementor-element-359c9ce elementor-widget elementor-widget-text-editor\" data-id=\"359c9ce\" data-element_type=\"widget\" data-e-type=\"widget\" data-widget_type=\"text-editor.default\">\n\t\t\t\t<div class=\"elementor-widget-container\">\n\t\t\t\t\t\t\t\t\t<p data-path-to-node=\"0\">El <b data-path-to-node=\"0\" data-index-in-node=\"3\">Centro Educativo Adventista de Cartago (CEAC)<\/b> es una instituci\u00f3n privada y misionera perteneciente a la Iglesia Adventista del S\u00e9ptimo D\u00eda. Su origen abarca distintas etapas clave:<\/p><p data-path-to-node=\"1\"><b data-path-to-node=\"1\" data-index-in-node=\"0\">Primeras iniciativas (1976 &#8211; 1978)<\/b> La idea de fundar el colegio naci\u00f3 en <b data-path-to-node=\"1\" data-index-in-node=\"73\">1976<\/b> por iniciativa e inquietud de los miembros y dirigentes de la Iglesia Adventista de Cartago, quienes buscaban una alternativa de educaci\u00f3n basada en valores cristianos e integrales. Dos a\u00f1os despu\u00e9s, en <b data-path-to-node=\"1\" data-index-in-node=\"281\">1978<\/b>, comenzaron formalmente las negociaciones para adquirir un terreno en la provincia.<\/p><p data-path-to-node=\"2\"><b data-path-to-node=\"2\" data-index-in-node=\"0\">Adquisici\u00f3n y edificaci\u00f3n (1983)<\/b> El proyecto dio un paso definitivo el <b data-path-to-node=\"2\" data-index-in-node=\"71\">12 de diciembre de 1983<\/b>, fecha en que se firm\u00f3 la escritura de venta de la propiedad. Gracias al esfuerzo financiero, donaciones y trabajo voluntario de numerosas familias adventistas y de la comunidad, se logr\u00f3 levantar la infraestructura inicial.<\/p><p data-path-to-node=\"3\"><b data-path-to-node=\"3\" data-index-in-node=\"0\">Inauguraci\u00f3n del primer a\u00f1o escolar (1988)<\/b> Tras cumplir con los permisos legales correspondientes ante el Ministerio de Educaci\u00f3n P\u00fablica (MEP), la escuela abri\u00f3 sus puertas oficialmente en <b data-path-to-node=\"3\" data-index-in-node=\"190\">marzo de 1988<\/b>. Inici\u00f3 clases ofreciendo el Primer Ciclo de educaci\u00f3n primaria y una matr\u00edcula inicial de 39 estudiantes.<\/p><p data-path-to-node=\"4\"><b data-path-to-node=\"4\" data-index-in-node=\"0\">Reapertura e historia reciente (2005 &#8211; 2008)<\/b> Debido a inconvenientes de \u00edndole administrativa, el centro educativo tuvo que cerrar operaciones temporalmente en mayo de <b data-path-to-node=\"4\" data-index-in-node=\"168\">2005<\/b>. No obstante, tras un proceso de reestructuraci\u00f3n, reabri\u00f3 sus puertas el <b data-path-to-node=\"4\" data-index-in-node=\"247\">7 de enero de 2008<\/b>. Desde entonces, ha ampliado sus niveles acad\u00e9micos ofreciendo educaci\u00f3n preescolar, primaria y secundaria integral.<\/p><p>\u00a0<\/p>\t\t\t\t\t\t\t\t<\/div>\n\t\t\t\t<\/div>\n\t\t\t\t\t<\/div>\n\t\t<\/div>\n\t\t\t\t\t<\/div>\n\t\t<\/section>\n\t\t\t\t<section class=\"elementor-section elementor-top-section elementor-element elementor-element-0692e4c elementor-section-boxed elementor-section-height-default elementor-section-height-default\" data-id=\"0692e4c\" data-element_type=\"section\" data-e-type=\"section\">\n\t\t\t\t\t\t<div class=\"elementor-container elementor-column-gap-default\">\n\t\t\t\t\t<div class=\"elementor-column elementor-col-100 elementor-top-column elementor-element elementor-element-bfbba02\" data-id=\"bfbba02\" data-element_type=\"column\" data-e-type=\"column\">\n\t\t\t<div class=\"elementor-widget-wrap elementor-element-populated\">\n\t\t\t\t\t\t<div class=\"elementor-element elementor-element-e60b43c elementor-widget elementor-widget-image\" data-id=\"e60b43c\" data-element_type=\"widget\" data-e-type=\"widget\" data-widget_type=\"image.default\">\n\t\t\t\t<div class=\"elementor-widget-container\">\n\t\t\t\t\t\t\t\t\t\t\t\t\t\t\t<img fetchpriority=\"high\" decoding=\"async\" width=\"1024\" height=\"683\" src=\"https:\/\/ceac.ed.cr\/wp-content\/uploads\/2026\/08\/WhatsApp-Image-2026-08-04-at-4.33.25-PM-1-1024x683.jpeg\" class=\"attachment-large size-large wp-image-1747\" alt=\"\" srcset=\"https:\/\/ceac.ed.cr\/wp-content\/uploads\/2026\/08\/WhatsApp-Image-2026-08-04-at-4.33.25-PM-1-1024x683.jpeg 1024w, https:\/\/ceac.ed.cr\/wp-content\/uploads\/2026\/08\/WhatsApp-Image-2026-08-04-at-4.33.25-PM-1-300x200.jpeg 300w, https:\/\/ceac.ed.cr\/wp-content\/uploads\/2026\/08\/WhatsApp-Image-2026-08-04-at-4.33.25-PM-1-768x512.jpeg 768w, https:\/\/ceac.ed.cr\/wp-content\/uploads\/2026\/08\/WhatsApp-Image-2026-08-04-at-4.33.25-PM-1.jpeg 1536w\" sizes=\"(max-width: 1024px) 100vw, 1024px\" \/>\t\t\t\t\t\t\t\t\t\t\t\t\t\t\t<\/div>\n\t\t\t\t<\/div>\n\t\t\t\t\t<\/div>\n\t\t<\/div>\n\t\t\t\t\t<\/div>\n\t\t<\/section>\n\t\t\t\t<section class=\"elementor-section elementor-top-section elementor-element elementor-element-4671138 elementor-section-boxed elementor-section-height-default elementor-section-height-default\" data-id=\"4671138\" data-element_type=\"section\" data-e-type=\"section\">\n\t\t\t\t\t\t<div class=\"elementor-container elementor-column-gap-default\">\n\t\t\t\t\t<div class=\"elementor-column elementor-col-100 elementor-top-column elementor-element elementor-element-7cb8b48\" data-id=\"7cb8b48\" data-element_type=\"column\" data-e-type=\"column\">\n\t\t\t<div class=\"elementor-widget-wrap elementor-element-populated\">\n\t\t\t\t\t\t<div class=\"elementor-element elementor-element-b69371b elementor-tabs-view-horizontal elementor-widget elementor-widget-tabs\" data-id=\"b69371b\" data-element_type=\"widget\" data-e-type=\"widget\" data-widget_type=\"tabs.default\">\n\t\t\t\t<div class=\"elementor-widget-container\">\n\t\t\t\t\t\t\t<div class=\"elementor-tabs\">\n\t\t\t<div class=\"elementor-tabs-wrapper\" role=\"tablist\" >\n\t\t\t\t\t\t\t\t\t<div id=\"elementor-tab-title-1911\" class=\"elementor-tab-title elementor-tab-desktop-title\" aria-selected=\"true\" data-tab=\"1\" role=\"tab\" tabindex=\"0\" aria-controls=\"elementor-tab-content-1911\" aria-expanded=\"false\">Vision<\/div>\n\t\t\t\t\t\t\t\t\t<div id=\"elementor-tab-title-1912\" class=\"elementor-tab-title elementor-tab-desktop-title\" aria-selected=\"false\" data-tab=\"2\" role=\"tab\" tabindex=\"-1\" aria-controls=\"elementor-tab-content-1912\" aria-expanded=\"false\">Mision<\/div>\n\t\t\t\t\t\t\t<\/div>\n\t\t\t<div class=\"elementor-tabs-content-wrapper\" role=\"tablist\" aria-orientation=\"vertical\">\n\t\t\t\t\t\t\t\t\t<div class=\"elementor-tab-title elementor-tab-mobile-title\" aria-selected=\"true\" data-tab=\"1\" role=\"tab\" tabindex=\"0\" aria-controls=\"elementor-tab-content-1911\" aria-expanded=\"false\">Vision<\/div>\n\t\t\t\t\t<div id=\"elementor-tab-content-1911\" class=\"elementor-tab-content elementor-clearfix\" data-tab=\"1\" role=\"tabpanel\" aria-labelledby=\"elementor-tab-title-1911\" tabindex=\"0\" hidden=\"false\"><p>Ser una instituci\u00f3n educativa referente en la comunidad por sus altos est\u00e1ndares de calidad y excelencia acad\u00e9mica, fundamentada en principios b\u00edblico-cristianos, la formaci\u00f3n del car\u00e1cter y el fomento de un estilo de vida saludable.<\/p>\n<div><img decoding=\"async\" src=\"https:\/\/encrypted-tbn0.gstatic.com\/images?q=tbn:ANd9GcTDLSvec6bybREnBKpyvXbAKNikXS87TqDZ-P93YiHp8w&amp;s=10\" alt=\"El Ni\u00f1o Peque\u00f1o Lindo Que Piensa Mientras Que Hacer La Tarea Fotos, retratos, im\u00e1genes y fotograf\u00eda de archivo libres de derecho. Image 63890113\"><\/div><\/div>\n\t\t\t\t\t\t\t\t\t<div class=\"elementor-tab-title elementor-tab-mobile-title\" aria-selected=\"false\" data-tab=\"2\" role=\"tab\" tabindex=\"-1\" aria-controls=\"elementor-tab-content-1912\" aria-expanded=\"false\">Mision<\/div>\n\t\t\t\t\t<div id=\"elementor-tab-content-1912\" class=\"elementor-tab-content elementor-clearfix\" data-tab=\"2\" role=\"tabpanel\" aria-labelledby=\"elementor-tab-title-1912\" tabindex=\"0\" hidden=\"hidden\"><p>Promover el desarrollo integral del estudiante (f\u00edsico, mental, social y espiritual) para restaurar la imagen de Dios en el ser humano, instruyendo en el conocimiento cristiano y formando ciudadanos aut\u00f3nomos, \u00e9ticos y comprometidos con Dios, la comunidad y la patria.<\/p>\n<p><img decoding=\"async\" src=\"https:\/\/encrypted-tbn0.gstatic.com\/images?q=tbn:ANd9GcQRk1Gh_6LmWbQdPdLIK7XmhOQFvU_zIQBLxS4M3b_ygQ&amp;s=10\" alt=\"Hacer ejercicio mejora la retenci\u00f3n del aprendizaje en los ni\u00f1os - ClikiSalud.net | Fundaci\u00f3n Carlos Slim\"><\/p><\/div>\n\t\t\t\t\t\t\t<\/div>\n\t\t<\/div>\n\t\t\t\t\t\t<\/div>\n\t\t\t\t<\/div>\n\t\t\t\t\t<\/div>\n\t\t<\/div>\n\t\t\t\t\t<\/div>\n\t\t<\/section>\n\t\t\t\t<\/div>\n\t\t","protected":false},"excerpt":{"rendered":"<p>Nuestra Historia El Centro Educativo Adventista de Cartago (CEAC) es una instituci\u00f3n privada y misionera perteneciente a la Iglesia Adventista del S\u00e9ptimo D\u00eda. Su origen abarca distintas etapas clave: Primeras iniciativas (1976 &#8211; 1978) La idea de fundar el colegio naci\u00f3 en 1976 por iniciativa e inquietud de los miembros y dirigentes de la Iglesia [&hellip;]<\/p>\n","protected":false},"author":1,"featured_media":0,"parent":0,"menu_order":0,"comment_status":"closed","ping_status":"closed","template":"","meta":{"_angie_page":false,"site-sidebar-layout":"default","site-content-layout":"","ast-site-content-layout":"default","site-content-style":"default","site-sidebar-style":"default","ast-global-header-display":"","ast-banner-title-visibility":"","ast-main-header-display":"","ast-hfb-above-header-display":"","ast-hfb-below-header-display":"","ast-hfb-mobile-header-display":"","site-post-title":"","ast-breadcrumbs-content":"","ast-featured-img":"","footer-sml-layout":"","ast-disable-related-posts":"","theme-transparent-header-meta":"","adv-header-id-meta":"","stick-header-meta":"","header-above-stick-meta":"","header-main-stick-meta":"","header-below-stick-meta":"","astra-migrate-meta-layouts":"set","ast-page-background-enabled":"default","ast-page-background-meta":{"desktop":{"background-color":"var(--ast-global-color-4)","background-image":"","background-repeat":"repeat","background-position":"center center","background-size":"auto","background-attachment":"scroll","background-type":"","background-media":"","overlay-type":"","overlay-color":"","overlay-opacity":"","overlay-gradient":""},"tablet":{"background-color":"","background-image":"","background-repeat":"repeat","background-position":"center center","background-size":"auto","background-attachment":"scroll","background-type":"","background-media":"","overlay-type":"","overlay-color":"","overlay-opacity":"","overlay-gradient":""},"mobile":{"background-color":"","background-image":"","background-repeat":"repeat","background-position":"center center","background-size":"auto","background-attachment":"scroll","background-type":"","background-media":"","overlay-type":"","overlay-color":"","overlay-opacity":"","overlay-gradient":""}},"ast-content-background-meta":{"desktop":{"background-color":"var(--ast-global-color-5)","background-image":"","background-repeat":"repeat","background-position":"center center","background-size":"auto","background-attachment":"scroll","background-type":"","background-media":"","overlay-type":"","overlay-color":"","overlay-opacity":"","overlay-gradient":""},"tablet":{"background-color":"var(--ast-global-color-5)","background-image":"","background-repeat":"repeat","background-position":"center center","background-size":"auto","background-attachment":"scroll","background-type":"","background-media":"","overlay-type":"","overlay-color":"","overlay-opacity":"","overlay-gradient":""},"mobile":{"background-color":"var(--ast-global-color-5)","background-image":"","background-repeat":"repeat","background-position":"center center","background-size":"auto","background-attachment":"scroll","background-type":"","background-media":"","overlay-type":"","overlay-color":"","overlay-opacity":"","overlay-gradient":""}},"footnotes":""},"class_list":["post-1769","page","type-page","status-publish","hentry"],"aioseo_notices":[],"aioseo_head":"\n\t\t<!-- All in One SEO 5.0.1.1 - aioseo.com -->\n\t<meta name=\"description\" content=\"Nuestra Historia El Centro Educativo Adventista de Cartago (CEAC) es una instituci\u00f3n privada y misionera perteneciente a la Iglesia Adventista del S\u00e9ptimo D\u00eda. Su origen abarca distintas etapas clave:Primeras iniciativas (1976 \u2013 1978) La idea de fundar el colegio naci\u00f3 en 1976 por iniciativa e inquietud de los miembros y dirigentes de la Iglesia Adventista\" \/>\n\t<meta name=\"robots\" content=\"max-image-preview:large\" \/>\n\t<link rel=\"canonical\" href=\"https:\/\/ceac.ed.cr\/Inicio\/nosotros\/\" \/>\n\t<meta name=\"generator\" content=\"All in One SEO (AIOSEO) 5.0.1.1\" \/>\n\t\t<meta property=\"og:locale\" content=\"es_ES\" \/>\n\t\t<meta property=\"og:site_name\" content=\"-\" \/>\n\t\t<meta property=\"og:type\" content=\"article\" \/>\n\t\t<meta property=\"og:title\" content=\"Nosotros -\" \/>\n\t\t<meta property=\"og:description\" content=\"Nuestra Historia El Centro Educativo Adventista de Cartago (CEAC) es una instituci\u00f3n privada y misionera perteneciente a la Iglesia Adventista del S\u00e9ptimo D\u00eda. Su origen abarca distintas etapas clave:Primeras iniciativas (1976 \u2013 1978) La idea de fundar el colegio naci\u00f3 en 1976 por iniciativa e inquietud de los miembros y dirigentes de la Iglesia Adventista\" \/>\n\t\t<meta property=\"og:url\" content=\"https:\/\/ceac.ed.cr\/Inicio\/nosotros\/\" \/>\n\t\t<meta property=\"og:image\" content=\"https:\/\/ceac.ed.cr\/wp-content\/uploads\/2025\/07\/cropped-Escuela-Adventista-de-Cartago-scaled-1.png\" \/>\n\t\t<meta property=\"og:image:secure_url\" content=\"https:\/\/ceac.ed.cr\/wp-content\/uploads\/2025\/07\/cropped-Escuela-Adventista-de-Cartago-scaled-1.png\" \/>\n\t\t<meta property=\"article:published_time\" content=\"2026-08-16T22:53:14+00:00\" \/>\n\t\t<meta property=\"article:modified_time\" content=\"2026-08-17T17:42:12+00:00\" \/>\n\t\t<meta property=\"article:publisher\" content=\"https:\/\/www.facebook.com\/ceacartagocr\" \/>\n\t\t<meta property=\"article:author\" content=\"https:\/\/www.facebook.com\/ceacartagocr\" \/>\n\t\t<meta name=\"twitter:card\" content=\"summary_large_image\" \/>\n\t\t<meta name=\"twitter:title\" content=\"Nosotros -\" \/>\n\t\t<meta name=\"twitter:description\" content=\"Nuestra Historia El Centro Educativo Adventista de Cartago (CEAC) es una instituci\u00f3n privada y misionera perteneciente a la Iglesia Adventista del S\u00e9ptimo D\u00eda. Su origen abarca distintas etapas clave:Primeras iniciativas (1976 \u2013 1978) La idea de fundar el colegio naci\u00f3 en 1976 por iniciativa e inquietud de los miembros y dirigentes de la Iglesia Adventista\" \/>\n\t\t<meta name=\"twitter:image\" content=\"https:\/\/ceac.ed.cr\/wp-content\/uploads\/2025\/07\/cropped-Escuela-Adventista-de-Cartago-scaled-1.png\" \/>\n\t\t<script type=\"application\/ld+json\" class=\"aioseo-schema\">\n\t\t\t{\"@context\":\"https:\\\/\\\/schema.org\",\"@graph\":[{\"@type\":\"BreadcrumbList\",\"@id\":\"https:\\\/\\\/ceac.ed.cr\\\/Inicio\\\/nosotros\\\/#breadcrumblist\",\"itemListElement\":[{\"@type\":\"ListItem\",\"@id\":\"https:\\\/\\\/ceac.ed.cr\\\/Inicio#listItem\",\"position\":1,\"name\":\"Home\",\"item\":\"https:\\\/\\\/ceac.ed.cr\\\/Inicio\",\"nextItem\":{\"@type\":\"ListItem\",\"@id\":\"https:\\\/\\\/ceac.ed.cr\\\/Inicio\\\/nosotros\\\/#listItem\",\"name\":\"Nosotros\"}},{\"@type\":\"ListItem\",\"@id\":\"https:\\\/\\\/ceac.ed.cr\\\/Inicio\\\/nosotros\\\/#listItem\",\"position\":2,\"name\":\"Nosotros\",\"previousItem\":{\"@type\":\"ListItem\",\"@id\":\"https:\\\/\\\/ceac.ed.cr\\\/Inicio#listItem\",\"name\":\"Home\"}}]},{\"@type\":\"Organization\",\"@id\":\"https:\\\/\\\/ceac.ed.cr\\\/Inicio\\\/#organization\",\"name\":\"Website migrated by Hostinger\",\"url\":\"https:\\\/\\\/ceac.ed.cr\\\/Inicio\\\/\",\"logo\":{\"@type\":\"ImageObject\",\"url\":\"https:\\\/\\\/ceac.ed.cr\\\/wp-content\\\/uploads\\\/2025\\\/07\\\/cropped-Escuela-Adventista-de-Cartago-scaled-1.png\",\"@id\":\"https:\\\/\\\/ceac.ed.cr\\\/Inicio\\\/nosotros\\\/#organizationLogo\",\"width\":2559,\"height\":853},\"image\":{\"@id\":\"https:\\\/\\\/ceac.ed.cr\\\/Inicio\\\/nosotros\\\/#organizationLogo\"},\"sameAs\":[\"https:\\\/\\\/www.facebook.com\\\/ceacartagocr\",\"https:\\\/\\\/www.instagram.com\\\/adventistacartago\\\/\",\"https:\\\/\\\/www.youtube.com\\\/channel\\\/UCN_V_r2k7nnR7XSVisZCHGA\",\"https:\\\/\\\/www.waze.com\\\/en\\\/live-map\\\/directions\\\/centro-educativo-adventista-de-cartago-av.-11?to=place.w.180944995.1809318875.5567158\"]},{\"@type\":\"WebPage\",\"@id\":\"https:\\\/\\\/ceac.ed.cr\\\/Inicio\\\/nosotros\\\/#webpage\",\"url\":\"https:\\\/\\\/ceac.ed.cr\\\/Inicio\\\/nosotros\\\/\",\"name\":\"Nosotros -\",\"description\":\"Nuestra Historia El Centro Educativo Adventista de Cartago (CEAC) es una instituci\\u00f3n privada y misionera perteneciente a la Iglesia Adventista del S\\u00e9ptimo D\\u00eda. Su origen abarca distintas etapas clave:Primeras iniciativas (1976 \\u2013 1978) La idea de fundar el colegio naci\\u00f3 en 1976 por iniciativa e inquietud de los miembros y dirigentes de la Iglesia Adventista\",\"inLanguage\":\"es-CR\",\"isPartOf\":{\"@id\":\"https:\\\/\\\/ceac.ed.cr\\\/Inicio\\\/#website\"},\"breadcrumb\":{\"@id\":\"https:\\\/\\\/ceac.ed.cr\\\/Inicio\\\/nosotros\\\/#breadcrumblist\"},\"datePublished\":\"2026-08-16T16:53:14-06:00\",\"dateModified\":\"2026-08-17T11:42:12-06:00\"},{\"@type\":\"WebSite\",\"@id\":\"https:\\\/\\\/ceac.ed.cr\\\/Inicio\\\/#website\",\"url\":\"https:\\\/\\\/ceac.ed.cr\\\/Inicio\\\/\",\"name\":\"Centro Educativo Adventista de Cartago\",\"inLanguage\":\"es-CR\",\"publisher\":{\"@id\":\"https:\\\/\\\/ceac.ed.cr\\\/Inicio\\\/#organization\"}}]}\n\t\t<\/script>\n\t\t<!-- All in One SEO -->\n\n","aioseo_head_json":{"title":"Nosotros -","description":"Nuestra Historia El Centro Educativo Adventista de Cartago (CEAC) es una instituci\u00f3n privada y misionera perteneciente a la Iglesia Adventista del S\u00e9ptimo D\u00eda. Su origen abarca distintas etapas clave:Primeras iniciativas (1976 \u2013 1978) La idea de fundar el colegio naci\u00f3 en 1976 por iniciativa e inquietud de los miembros y dirigentes de la Iglesia Adventista","canonical_url":"https:\/\/ceac.ed.cr\/Inicio\/nosotros\/","robots":"max-image-preview:large","keywords":"","webmasterTools":{"miscellaneous":""},"schema":{"@context":"https:\/\/schema.org","@graph":[{"@type":"BreadcrumbList","@id":"https:\/\/ceac.ed.cr\/Inicio\/nosotros\/#breadcrumblist","itemListElement":[{"@type":"ListItem","@id":"https:\/\/ceac.ed.cr\/Inicio#listItem","position":1,"name":"Home","item":"https:\/\/ceac.ed.cr\/Inicio","nextItem":{"@type":"ListItem","@id":"https:\/\/ceac.ed.cr\/Inicio\/nosotros\/#listItem","name":"Nosotros"}},{"@type":"ListItem","@id":"https:\/\/ceac.ed.cr\/Inicio\/nosotros\/#listItem","position":2,"name":"Nosotros","previousItem":{"@type":"ListItem","@id":"https:\/\/ceac.ed.cr\/Inicio#listItem","name":"Home"}}]},{"@type":"Organization","@id":"https:\/\/ceac.ed.cr\/Inicio\/#organization","name":"Website migrated by Hostinger","url":"https:\/\/ceac.ed.cr\/Inicio\/","logo":{"@type":"ImageObject","url":"https:\/\/ceac.ed.cr\/wp-content\/uploads\/2025\/07\/cropped-Escuela-Adventista-de-Cartago-scaled-1.png","@id":"https:\/\/ceac.ed.cr\/Inicio\/nosotros\/#organizationLogo","width":2559,"height":853},"image":{"@id":"https:\/\/ceac.ed.cr\/Inicio\/nosotros\/#organizationLogo"},"sameAs":["https:\/\/www.facebook.com\/ceacartagocr","https:\/\/www.instagram.com\/adventistacartago\/","https:\/\/www.youtube.com\/channel\/UCN_V_r2k7nnR7XSVisZCHGA","https:\/\/www.waze.com\/en\/live-map\/directions\/centro-educativo-adventista-de-cartago-av.-11?to=place.w.180944995.1809318875.5567158"]},{"@type":"WebPage","@id":"https:\/\/ceac.ed.cr\/Inicio\/nosotros\/#webpage","url":"https:\/\/ceac.ed.cr\/Inicio\/nosotros\/","name":"Nosotros -","description":"Nuestra Historia El Centro Educativo Adventista de Cartago (CEAC) es una instituci\u00f3n privada y misionera perteneciente a la Iglesia Adventista del S\u00e9ptimo D\u00eda. Su origen abarca distintas etapas clave:Primeras iniciativas (1976 \u2013 1978) La idea de fundar el colegio naci\u00f3 en 1976 por iniciativa e inquietud de los miembros y dirigentes de la Iglesia Adventista","inLanguage":"es-CR","isPartOf":{"@id":"https:\/\/ceac.ed.cr\/Inicio\/#website"},"breadcrumb":{"@id":"https:\/\/ceac.ed.cr\/Inicio\/nosotros\/#breadcrumblist"},"datePublished":"2026-08-16T16:53:14-06:00","dateModified":"2026-08-17T11:42:12-06:00"},{"@type":"WebSite","@id":"https:\/\/ceac.ed.cr\/Inicio\/#website","url":"https:\/\/ceac.ed.cr\/Inicio\/","name":"Centro Educativo Adventista de Cartago","inLanguage":"es-CR","publisher":{"@id":"https:\/\/ceac.ed.cr\/Inicio\/#organization"}}]},"og:locale":"es_ES","og:site_name":"-","og:type":"article","og:title":"Nosotros -","og:description":"Nuestra Historia El Centro Educativo Adventista de Cartago (CEAC) es una instituci\u00f3n privada y misionera perteneciente a la Iglesia Adventista del S\u00e9ptimo D\u00eda. Su origen abarca distintas etapas clave:Primeras iniciativas (1976 \u2013 1978) La idea de fundar el colegio naci\u00f3 en 1976 por iniciativa e inquietud de los miembros y dirigentes de la Iglesia Adventista","og:url":"https:\/\/ceac.ed.cr\/Inicio\/nosotros\/","og:image":"https:\/\/ceac.ed.cr\/wp-content\/uploads\/2025\/07\/cropped-Escuela-Adventista-de-Cartago-scaled-1.png","og:image:secure_url":"https:\/\/ceac.ed.cr\/wp-content\/uploads\/2025\/07\/cropped-Escuela-Adventista-de-Cartago-scaled-1.png","article:published_time":"2026-08-16T22:53:14+00:00","article:modified_time":"2026-08-17T17:42:12+00:00","article:publisher":"https:\/\/www.facebook.com\/ceacartagocr","article:author":"https:\/\/www.facebook.com\/ceacartagocr","twitter:card":"summary_large_image","twitter:title":"Nosotros -","twitter:description":"Nuestra Historia El Centro Educativo Adventista de Cartago (CEAC) es una instituci\u00f3n privada y misionera perteneciente a la Iglesia Adventista del S\u00e9ptimo D\u00eda. Su origen abarca distintas etapas clave:Primeras iniciativas (1976 \u2013 1978) La idea de fundar el colegio naci\u00f3 en 1976 por iniciativa e inquietud de los miembros y dirigentes de la Iglesia Adventista","twitter:image":"https:\/\/ceac.ed.cr\/wp-content\/uploads\/2025\/07\/cropped-Escuela-Adventista-de-Cartago-scaled-1.png"},"aioseo_meta_data":{"post_id":"1769","title":null,"description":null,"keywords":null,"keyphrases":{"focus":{"keyphrase":"","score":0,"analysis":{"keyphraseInTitle":{"score":0,"maxScore":9,"error":1}}},"additional":[]},"primary_term":null,"canonical_url":null,"og_title":null,"og_description":null,"og_object_type":"default","og_image_type":"default","og_image_url":null,"og_image_width":null,"og_image_height":null,"og_image_custom_url":null,"og_image_custom_fields":null,"og_video":"","og_custom_url":null,"og_article_section":null,"og_article_tags":null,"twitter_use_og":false,"twitter_card":"default","twitter_image_type":"default","twitter_image_url":null,"twitter_image_custom_url":null,"twitter_image_custom_fields":null,"twitter_title":null,"twitter_description":null,"schema":{"blockGraphs":[],"customGraphs":[],"default":{"data":{"Article":[],"Course":[],"Dataset":[],"FAQPage":[],"Movie":[],"Person":[],"Product":[],"ProductReview":[],"Car":[],"Recipe":[],"Service":[],"SoftwareApplication":[],"WebPage":[]},"graphName":"WebPage","isEnabled":true},"graphs":[]},"schema_type":"default","schema_type_options":null,"pillar_content":false,"robots_default":true,"robots_noindex":false,"robots_noarchive":false,"robots_nosnippet":false,"robots_nofollow":false,"robots_noimageindex":false,"robots_noodp":false,"robots_notranslate":false,"robots_max_snippet":"-1","robots_max_videopreview":"-1","robots_max_imagepreview":"large","priority":null,"frequency":"default","local_seo":null,"breadcrumb_settings":null,"limit_modified_date":false,"ai":{"faqs":[],"keyPoints":[],"schemas":[],"titles":[],"descriptions":[],"socialPosts":{"email":{"subject":"","preview":"","content":""},"linkedin":[],"twitter":[],"facebook":[],"instagram":[]}},"created":"2026-08-17 15:46:49","updated":"2026-08-17 17:55:36","seo_analyzer_scan_date":null,"focus_keyword":null,"additional_keywords":null,"truseo_locale":null},"aioseo_breadcrumb":"<div class=\"aioseo-breadcrumbs\"><span class=\"aioseo-breadcrumb\">\n\t\t\t<a href=\"https:\/\/ceac.ed.cr\/Inicio\" title=\"Home\">Home<\/a>\n\t\t<\/span><span class=\"aioseo-breadcrumb-separator\">&raquo;<\/span><span class=\"aioseo-breadcrumb\">\n\t\t\tNosotros\n\t\t<\/span><\/div>","aioseo_breadcrumb_json":[{"label":"Home","link":"https:\/\/ceac.ed.cr\/Inicio"},{"label":"Nosotros","link":"https:\/\/ceac.ed.cr\/Inicio\/nosotros\/"}],"_links":{"self":[{"href":"https:\/\/ceac.ed.cr\/Inicio\/wp-json\/wp\/v2\/pages\/1769","targetHints":{"allow":["GET"]}}],"collection":[{"href":"https:\/\/ceac.ed.cr\/Inicio\/wp-json\/wp\/v2\/pages"}],"about":[{"href":"https:\/\/ceac.ed.cr\/Inicio\/wp-json\/wp\/v2\/types\/page"}],"author":[{"embeddable":true,"href":"https:\/\/ceac.ed.cr\/Inicio\/wp-json\/wp\/v2\/users\/1"}],"replies":[{"embeddable":true,"href":"https:\/\/ceac.ed.cr\/Inicio\/wp-json\/wp\/v2\/comments?post=1769"}],"version-history":[{"count":24,"href":"https:\/\/ceac.ed.cr\/Inicio\/wp-json\/wp\/v2\/pages\/1769\/revisions"}],"predecessor-version":[{"id":1805,"href":"https:\/\/ceac.ed.cr\/Inicio\/wp-json\/wp\/v2\/pages\/1769\/revisions\/1805"}],"wp:attachment":[{"href":"https:\/\/ceac.ed.cr\/Inicio\/wp-json\/wp\/v2\/media?parent=1769"}],"curies":[{"name":"wp","href":"https:\/\/api.w.org\/{rel}","templated":true}]}}